{"id":5618,"date":"2020-05-01T14:35:42","date_gmt":"2020-05-01T18:35:42","guid":{"rendered":"http:\/\/staging.danzadescalza.com\/fechas\/"},"modified":"2022-05-15T18:17:19","modified_gmt":"2022-05-15T22:17:19","slug":"fechas","status":"publish","type":"page","link":"http:\/\/staging.danzadescalza.com\/es\/fechas\/","title":{"rendered":"Fechas de los espect\u00e1culos"},"content":{"rendered":"<p>[et_pb_section fb_built=&#8221;1&#8243; _builder_version=&#8221;4.16&#8243; background_color=&#8221;#f9f4ef&#8221; custom_padding=&#8221;30px||30px||true|&#8221; global_colors_info=&#8221;{}&#8221;][et_pb_row _builder_version=&#8221;4.17.3&#8243; global_colors_info=&#8221;{}&#8221;][et_pb_column type=&#8221;4_4&#8243; _builder_version=&#8221;4.16&#8243; global_colors_info=&#8221;{}&#8221;][et_pb_text _builder_version=&#8221;4.17.3&#8243; _module_preset=&#8221;default&#8221; global_colors_info=&#8221;{}&#8221;]<\/p>\n<h1>Date des spectacles<\/h1>\n<p>[\/et_pb_text][\/et_pb_column][\/et_pb_row][et_pb_row _builder_version=&#8221;4.16&#8243; global_colors_info=&#8221;{}&#8221;][et_pb_column type=&#8221;4_4&#8243; _builder_version=&#8221;4.16&#8243; global_colors_info=&#8221;{}&#8221;][et_pb_text _builder_version=&#8221;4.17.3&#8243; text_font=&#8221;|600|||||||&#8221; text_font_size=&#8221;24px&#8221; global_colors_info=&#8221;{}&#8221;]<\/p>\n<p>2022<br \/>Spectacle IMPULSO<\/p>\n<p>[\/et_pb_text][\/et_pb_column][\/et_pb_row][et_pb_row _builder_version=&#8221;4.16&#8243; global_colors_info=&#8221;{}&#8221;][et_pb_column type=&#8221;4_4&#8243; _builder_version=&#8221;4.16&#8243; global_colors_info=&#8221;{}&#8221;][et_pb_text _builder_version=&#8221;4.17.3&#8243; text_font=&#8221;||||||||&#8221; text_font_size=&#8221;14px&#8221; hover_enabled=&#8221;0&#8243; global_colors_info=&#8221;{}&#8221; sticky_enabled=&#8221;0&#8243;]<\/p>\n<p><span style=\"font-weight: 400;\">22 juin : \u00c9cole Fleur des Neiges &#8211; Sainte-Agathe-des-Monts \u00e0 9h<\/span><\/p>\n<p><span style=\"font-weight: 400;\">25 juin : F\u00eate Agriculturelle \u2013 Grenville sur la rouge \u00e0 19h<\/span><\/p>\n<p><span style=\"font-weight: 400;\">31 juillet : Th\u00e9\u00e2tre les Patriotes \u2013 Sainte-Agathe-des-Monts \u00e0\u00a018h<\/span><\/p>\n<p><span style=\"font-weight: 400;\">05 ao\u00fbt : Maison de la culture C\u00f4te des Neiges \u2013 Montr\u00e9al \u00e0 18h<\/span><\/p>\n<p><span style=\"font-weight: 400;\">13 ao\u00fbt : Carr\u00e9 150 Spectacles avec musiciens \u2013 Victoriaville \u00e0 19h<\/span><\/p>\n<p>&nbsp;<\/p>\n<p>[\/et_pb_text][et_pb_divider _builder_version=&#8221;4.16&#8243; width=&#8221;50%&#8221; custom_padding=&#8221;||2px|||&#8221; global_colors_info=&#8221;{}&#8221;][\/et_pb_divider][\/et_pb_column][\/et_pb_row][\/et_pb_section][et_pb_section fb_built=&#8221;1&#8243; _builder_version=&#8221;4.16&#8243; background_color=&#8221;#f9f4ef&#8221; custom_padding=&#8221;30px||30px||true|&#8221; global_colors_info=&#8221;{}&#8221;][et_pb_row _builder_version=&#8221;4.16&#8243; global_colors_info=&#8221;{}&#8221;][et_pb_column type=&#8221;4_4&#8243; _builder_version=&#8221;4.16&#8243; global_colors_info=&#8221;{}&#8221;][et_pb_text _builder_version=&#8221;4.17.3&#8243; text_font=&#8221;|600|||||||&#8221; text_font_size=&#8221;24px&#8221; global_colors_info=&#8221;{}&#8221;]<\/p>\n<p>2021<br \/>Spectacle AKo<\/p>\n<p>[\/et_pb_text][\/et_pb_column][\/et_pb_row][et_pb_row _builder_version=&#8221;4.16&#8243; global_colors_info=&#8221;{}&#8221;][et_pb_column type=&#8221;4_4&#8243; _builder_version=&#8221;4.16&#8243; global_colors_info=&#8221;{}&#8221;][et_pb_text _builder_version=&#8221;4.16&#8243; text_font=&#8221;||||||||&#8221; text_font_size=&#8221;14px&#8221; global_colors_info=&#8221;{}&#8221;]<\/p>\n<p>01 ao\u00fbt : Th\u00e9\u00e2tre Outremont &#8211; Montr\u00e9al \u00e0\u00a013h<\/p>\n<p>03 ao\u00fbt : Maison de la culture Marie-Ugua &#8211; \u00a0LE SUD-OUEST &#8211; Montr\u00e9al \u00e0\u00a019h<\/p>\n<p>04 ao\u00fbt : Arrondissement de Verdun &#8211; Montr\u00e9al \u00e0\u00a018h<\/p>\n<p>07 ao\u00fbt : Partenariat du Quartier des Spectacles &#8211; Montr\u00e9al \u00e0\u00a017h30 et 18h30<\/p>\n<p>14 ao\u00fbt : Maison de la culture Mercier &#8211; Montr\u00e9al \u00e0\u00a013h<\/p>\n<p>28 ao\u00fbt : Diapason |\u00a0Festival Mosa\u00efque \u00a0Laval \u00e0\u00a019h30<\/p>\n<p>18 septembre : Partenariat du Quartier des Spectacles &#8211; Montr\u00e9al \u00e0 \u00a016h et 18h<\/p>\n<p>26 septembre : Th\u00e9\u00e2tre Lionel Groulx \/ ODYSC\u00c8NE &#8211; Saint-Th\u00e9r\u00e8se a confirmer<\/p>\n<p>&nbsp;<\/p>\n<p>[\/et_pb_text][et_pb_divider _builder_version=&#8221;4.16&#8243; width=&#8221;50%&#8221; custom_padding=&#8221;||2px|||&#8221; global_colors_info=&#8221;{}&#8221;][\/et_pb_divider][\/et_pb_column][\/et_pb_row][\/et_pb_section][et_pb_section fb_built=&#8221;1&#8243; _builder_version=&#8221;4.16&#8243; background_color=&#8221;#f9f4ef&#8221; custom_padding=&#8221;30px||30px||true|&#8221; global_colors_info=&#8221;{}&#8221;][et_pb_row _builder_version=&#8221;4.16&#8243; global_colors_info=&#8221;{}&#8221;][et_pb_column type=&#8221;4_4&#8243; _builder_version=&#8221;4.16&#8243; global_colors_info=&#8221;{}&#8221;][et_pb_text _builder_version=&#8221;4.17.3&#8243; text_font=&#8221;|600|||||||&#8221; text_font_size=&#8221;24px&#8221; global_colors_info=&#8221;{}&#8221;]<\/p>\n<p>2020<br \/>Spectacle AKo<\/p>\n<p>[\/et_pb_text][\/et_pb_column][\/et_pb_row][et_pb_row _builder_version=&#8221;4.16&#8243; global_colors_info=&#8221;{}&#8221;][et_pb_column type=&#8221;4_4&#8243; _builder_version=&#8221;4.16&#8243; global_colors_info=&#8221;{}&#8221;][et_pb_text _builder_version=&#8221;4.16&#8243; text_font=&#8221;||||||||&#8221; text_font_size=&#8221;14px&#8221; global_colors_info=&#8221;{}&#8221;]<\/p>\n<p class=\"p1\"><strong>Programme Quand L\u2019art Prends L\u2019air (Conseil des Arts de Montr\u00e9al)<\/strong><\/p>\n<p class=\"p1\">18 septembre \u00e0 18h: Coop\u00e9rative du Chalutier, Montr\u00e9al<\/p>\n<p class=\"p1\">19 septembre \u00e0 15h: Coop\u00e9rative du Mile End, Montr\u00e9al<\/p>\n<p class=\"p1\">20 septembre \u00e0 15h: Coop\u00e9rative du Troisi\u00e8me Type, Montr\u00e9al<\/p>\n<p class=\"p1\">[\/et_pb_text][et_pb_divider _builder_version=&#8221;4.16&#8243; width=&#8221;50%&#8221; custom_padding=&#8221;||2px|||&#8221; global_colors_info=&#8221;{}&#8221;][\/et_pb_divider][\/et_pb_column][\/et_pb_row][\/et_pb_section][et_pb_section fb_built=&#8221;1&#8243; _builder_version=&#8221;4.16&#8243; background_color=&#8221;#f9f4ef&#8221; custom_padding=&#8221;30px||30px||true|&#8221; global_colors_info=&#8221;{}&#8221;][et_pb_row _builder_version=&#8221;4.16&#8243; global_colors_info=&#8221;{}&#8221;][et_pb_column type=&#8221;4_4&#8243; _builder_version=&#8221;4.16&#8243; global_colors_info=&#8221;{}&#8221;][et_pb_text _builder_version=&#8221;4.17.3&#8243; text_font=&#8221;|600|||||||&#8221; text_font_size=&#8221;24px&#8221; global_colors_info=&#8221;{}&#8221;]<\/p>\n<p>2019<br \/>Spectacle AKo<\/p>\n<p>[\/et_pb_text][et_pb_text _builder_version=&#8221;4.16&#8243; text_font=&#8221;||||||||&#8221; text_font_size=&#8221;14px&#8221; global_colors_info=&#8221;{}&#8221;]<\/p>\n<p class=\"p1\">28 de septiembre: Journ\u00e9es de la culture, Alma<\/p>\n<p class=\"p1\">7 de julio: Festiculture Rivi\u00e8re, Rivi\u00e8re-des-Prairies, Montr\u00e9al<\/p>\n<p class=\"p1\">29 de junio: La Fiesta Agriculturelle d&#8217;Argenteuil,<br \/>\nCentre pour l&#8217;Immigration en\u00a0R\u00e9gion, Grenville-sur-la-Rouge<\/p>\n<p class=\"p1\">\n<p>[\/et_pb_text][et_pb_divider _builder_version=&#8221;4.16&#8243; width=&#8221;50%&#8221; global_colors_info=&#8221;{}&#8221;][\/et_pb_divider][et_pb_text _builder_version=&#8221;4.16&#8243; text_font=&#8221;||||||||&#8221; text_font_size=&#8221;14px&#8221; global_colors_info=&#8221;{}&#8221;]<\/p>\n<p class=\"p1\"><strong>La gira del CAM (Conseil des Arts de Montr\u00e9al en Tourn\u00e9e)<\/strong><\/p>\n<p class=\"p1\">26 de septiembre: Centre Pauline-Julien, C\u00f4te-des-Neiges, Montr\u00e9al<\/p>\n<p class=\"p1\">17 de julio: Th\u00e9\u00e2tre de Verdure au Parc La Fontaine, Montr\u00e9al<\/p>\n<p class=\"p1\">13 de julio:<span class=\"Apple-converted-space\">\u00a0 <\/span>Saint-L\u00e9onard, Montr\u00e9al<\/p>\n<p class=\"p1\">11 de julio: Sainte-Anne-de-Bellevue, face \u00e0 l&#8217;H\u00f4tel de ville sur la promenade<\/p>\n<p class=\"p1\">10 de julio: Parc de Normanville, Villeray, Montr\u00e9al<\/p>\n<p class=\"p1\">4 de julio: Hampstead Park, Ville de Hampstead<\/p>\n<p class=\"p1\">1ro de julio: Parc Strathearn, Ville de Montr\u00e9al-Ouest<\/p>\n<p class=\"p1\">\n<p>[\/et_pb_text][et_pb_divider _builder_version=&#8221;4.16&#8243; width=&#8221;50%&#8221; global_colors_info=&#8221;{}&#8221;][\/et_pb_divider][et_pb_text _builder_version=&#8221;4.16&#8243; text_font=&#8221;||||||||&#8221; text_font_size=&#8221;14px&#8221; global_colors_info=&#8221;{}&#8221;]<\/p>\n<p class=\"p1\"><strong>Gira en Gaspesie<\/strong><\/p>\n<p class=\"p1\">28 de julio: FURIES &#8211; festival de danse contemporaine, Marsoui<\/p>\n<p class=\"p1\">28 de julio: FURIES &#8211; festival de danse contemporaine, Marsoui<br \/>\nTaller de Danza abierto al publico\u00a0<span style=\"font-size: 16px;\"><br \/>\n<\/span><\/p>\n<p class=\"p1\">24 de julio: Promenade de Perc\u00e9, Perc\u00e9<\/p>\n<p class=\"p1\">23 de julio: Devant l&#8217;\u00c9glise de l&#8217;Assomption-de-Notre-Dame, Grande-Rivi\u00e8re<\/p>\n<p class=\"p1\">22 de julio: Parc des Horizons, Carleton-sur-Mer<\/p>\n<p class=\"p1\">\n<p>[\/et_pb_text][et_pb_divider _builder_version=&#8221;4.16&#8243; width=&#8221;50%&#8221; global_colors_info=&#8221;{}&#8221;][\/et_pb_divider][et_pb_text _builder_version=&#8221;4.16&#8243; text_font=&#8221;||||||||&#8221; text_font_size=&#8221;14px&#8221; custom_padding=&#8221;0px|||||&#8221; global_colors_info=&#8221;{}&#8221;]<\/p>\n<p class=\"p1\"><b style=\"font-size: 14px;\">Tourn\u00e9e Moncton \/ Vancouver<\/b><\/p>\n<p class=\"p1\">26 de agosto: All over the Map + VLAFF, Granville Island<br \/>\nTaller de Danza abierto al publico<\/p>\n<p class=\"p1\">25 de agosto: All over the Map + VLAFF, Granville Island<\/p>\n<p class=\"p1\">24 de agosto: All over the map, Vancouver<\/p>\n<p class=\"p1\">23 de agosto: Vancouver Latin American Film Festival (VLAFF), Vancouver<\/p>\n<p class=\"p1\">20 de agosto: Parc du Riverain, Festival de danse en\u00a0Atlantique, Moncton<br \/>\nTaller de Danza abierto al publico<\/p>\n<p class=\"p1\">17\/18\/19 de agosto: Parc du Riverain, Festival de danse en Atlantique, Moncton<\/p>\n<p class=\"p1\">\n<p>[\/et_pb_text][et_pb_divider _builder_version=&#8221;4.16&#8243; width=&#8221;50%&#8221; global_colors_info=&#8221;{}&#8221;][\/et_pb_divider][\/et_pb_column][\/et_pb_row][\/et_pb_section][et_pb_section fb_built=&#8221;1&#8243; _builder_version=&#8221;4.16&#8243; background_color=&#8221;#f9f4ef&#8221; custom_padding=&#8221;30px||30px||true|&#8221; global_colors_info=&#8221;{}&#8221;][et_pb_row _builder_version=&#8221;4.16&#8243; min_height=&#8221;94.2px&#8221; global_colors_info=&#8221;{}&#8221;][et_pb_column type=&#8221;4_4&#8243; _builder_version=&#8221;4.16&#8243; global_colors_info=&#8221;{}&#8221;][et_pb_text _builder_version=&#8221;4.17.3&#8243; text_font=&#8221;|600|||||||&#8221; text_font_size=&#8221;24px&#8221; global_colors_info=&#8221;{}&#8221;]<\/p>\n<p>2018<br \/>Spectacle AKo<\/p>\n<p>[\/et_pb_text][\/et_pb_column][\/et_pb_row][et_pb_row _builder_version=&#8221;4.16&#8243; global_colors_info=&#8221;{}&#8221;][et_pb_column type=&#8221;4_4&#8243; _builder_version=&#8221;4.16&#8243; global_colors_info=&#8221;{}&#8221;][et_pb_text _builder_version=&#8221;4.16&#8243; text_font=&#8221;||||||||&#8221; text_font_size=&#8221;14px&#8221; global_colors_info=&#8221;{}&#8221;]18 de agosto: Arrondissement de Saint-Laurent<\/p>\n<p class=\"p1\">7 de agosto: \u00a0Maison de la culture, Notre-Dame-de-Gr\u00e2ce<\/p>\n<p class=\"p1\">2 de agosto: \u00a0Centre Culturel, Peter B. Yeomans<\/p>\n<p class=\"p1\">19 et 26 de julio: Parc Pinebeach, Ville de Dorval<\/p>\n<p class=\"p1\">13 de julio: Journ\u00e9es de la Danse, Place Bourget, Joliette<\/p>\n<p class=\"p1\">12 de julio: Th\u00e9\u00e2tre ValSpec, Mont Laurier<\/p>\n<p class=\"p1\">28 de junio: \u00a0Ville de Kirkland<\/p>\n<p class=\"p1\">9 de junio: \u00a0Centre culturel Yvonne L. Bombardier, Valcourt<\/p>\n<p>[\/et_pb_text][et_pb_divider _builder_version=&#8221;4.16&#8243; width=&#8221;50%&#8221; global_colors_info=&#8221;{}&#8221;][\/et_pb_divider][\/et_pb_column][\/et_pb_row][\/et_pb_section]<\/p>\n","protected":false},"excerpt":{"rendered":"<p>Date des spectacles2022Spectacle IMPULSO22 juin : \u00c9cole Fleur des Neiges &#8211; Sainte-Agathe-des-Monts \u00e0 9h 25 juin : F\u00eate Agriculturelle \u2013 Grenville sur la rouge \u00e0 19h 31 juillet : Th\u00e9\u00e2tre les Patriotes \u2013 Sainte-Agathe-des-Monts \u00e0\u00a018h 05 ao\u00fbt : Maison de la culture C\u00f4te des Neiges \u2013 Montr\u00e9al \u00e0 18h 13 ao\u00fbt : Carr\u00e9 150 Spectacles [&hellip;]<\/p>\n","protected":false},"author":1,"featured_media":3764,"parent":0,"menu_order":0,"comment_status":"closed","ping_status":"closed","template":"","meta":{"_et_pb_use_builder":"on","_et_pb_old_content":"","_et_gb_content_width":"","inline_featured_image":false},"_links":{"self":[{"href":"http:\/\/staging.danzadescalza.com\/es\/wp-json\/wp\/v2\/pages\/5618"}],"collection":[{"href":"http:\/\/staging.danzadescalza.com\/es\/wp-json\/wp\/v2\/pages"}],"about":[{"href":"http:\/\/staging.danzadescalza.com\/es\/wp-json\/wp\/v2\/types\/page"}],"author":[{"embeddable":true,"href":"http:\/\/staging.danzadescalza.com\/es\/wp-json\/wp\/v2\/users\/1"}],"replies":[{"embeddable":true,"href":"http:\/\/staging.danzadescalza.com\/es\/wp-json\/wp\/v2\/comments?post=5618"}],"version-history":[{"count":14,"href":"http:\/\/staging.danzadescalza.com\/es\/wp-json\/wp\/v2\/pages\/5618\/revisions"}],"predecessor-version":[{"id":6239,"href":"http:\/\/staging.danzadescalza.com\/es\/wp-json\/wp\/v2\/pages\/5618\/revisions\/6239"}],"wp:featuredmedia":[{"embeddable":true,"href":"http:\/\/staging.danzadescalza.com\/es\/wp-json\/wp\/v2\/media\/3764"}],"wp:attachment":[{"href":"http:\/\/staging.danzadescalza.com\/es\/wp-json\/wp\/v2\/media?parent=5618"}],"curies":[{"name":"wp","href":"https:\/\/api.w.org\/{rel}","templated":true}]}}