{"id":5614,"date":"2020-05-01T14:28:16","date_gmt":"2020-05-01T18:28:16","guid":{"rendered":"http:\/\/staging.danzadescalza.com\/colectivo\/"},"modified":"2022-05-15T18:33:16","modified_gmt":"2022-05-15T22:33:16","slug":"colectivo","status":"publish","type":"page","link":"http:\/\/staging.danzadescalza.com\/es\/colectivo\/","title":{"rendered":"Colectivo"},"content":{"rendered":"<p>[et_pb_section fb_built=&#8221;1&#8243; inner_shadow=&#8221;on&#8221; fullwidth=&#8221;on&#8221; admin_label=&#8221;Video&#8221; _builder_version=&#8221;4.16&#8243; background_color=&#8221;#e55149&#8243; background_enable_video_mp4=&#8221;off&#8221; module_alignment=&#8221;center&#8221; min_height_tablet=&#8221;&#8221; min_height_phone=&#8221;&#8221; min_height_last_edited=&#8221;on|desktop&#8221; bottom_divider_color=&#8221;#e55149&#8243; bottom_divider_flip=&#8221;horizontal&#8221; collapsed=&#8221;on&#8221; global_colors_info=&#8221;{}&#8221;][et_pb_fullwidth_header background_overlay_color=&#8221;rgba(0,0,0,0)&#8221; _builder_version=&#8221;4.16&#8243; background_color=&#8221;rgba(0,0,0,0)&#8221; background_image=&#8221;http:\/\/staging.danzadescalza.com\/wp-content\/uploads\/2019\/08\/danza-descalza-ako.jpg&#8221; parallax=&#8221;on&#8221; parallax_method=&#8221;on&#8221; background_enable_video_mp4=&#8221;off&#8221; background_video_width=&#8221;1920px&#8221; background_video_height=&#8221;1080px&#8221; allow_player_pause=&#8221;on&#8221; button_one_text_size=&#8221;13&#8243; button_two_text_size=&#8221;13&#8243; min_height=&#8221;800px&#8221; min_height_tablet=&#8221;600px&#8221; min_height_phone=&#8221;450px&#8221; min_height_last_edited=&#8221;on|phone&#8221; filter_saturate=&#8221;70%&#8221; filter_brightness=&#8221;84%&#8221; filter_contrast=&#8221;106%&#8221; filter_sepia=&#8221;1%&#8221; filter_opacity=&#8221;85%&#8221; global_colors_info=&#8221;{}&#8221;][\/et_pb_fullwidth_header][\/et_pb_section][et_pb_section fb_built=&#8221;1&#8243; fullwidth=&#8221;on&#8221; _builder_version=&#8221;4.16&#8243; locked=&#8221;off&#8221; global_colors_info=&#8221;{}&#8221;][et_pb_fullwidth_header title=&#8221;Colectivo de danza&#8221; button_one_text=&#8221;Comunicado de Prensa&#8221; button_one_url=&#8221;https:\/\/drive.google.com\/file\/d\/1fHAGk1yiGwa732VnqvZt6gLq0R55xPxa\/view&#8221; content_max_width=&#8221;60%&#8221; content_max_width_tablet=&#8221;&#8221; content_max_width_phone=&#8221;90%&#8221; content_max_width_last_edited=&#8221;on|phone&#8221; _builder_version=&#8221;4.16&#8243; title_text_color=&#8221;#efe8e1&#8243; title_line_height=&#8221;1.1em&#8221; content_text_color=&#8221;#efe8e1&#8243; background_image=&#8221;http:\/\/staging.danzadescalza.com\/wp-content\/uploads\/2019\/11\/square-left-red-5.png&#8221; background_blend=&#8221;multiply&#8221; button_one_text_size=&#8221;13&#8243; button_one_text_color=&#8221;#efe8e1&#8243; button_one_border_color=&#8221;#efe8e1&#8243; button_one_icon_color=&#8221;#efe3d5&#8243; button_two_text_size=&#8221;13&#8243; button_two_text_color=&#8221;#efe8e1&#8243; button_two_border_color=&#8221;#efe8e1&#8243; button_two_icon_color=&#8221;#efe3d5&#8243; custom_padding=&#8221;||60px|||&#8221; global_colors_info=&#8221;{}&#8221;]<\/p>\n<p>El objetivo principal de Danza Descalza es trabajar hacia la democratizaci\u00f3n de la danza iniciando a distintos tipos de audiencias y ofreciendo espect\u00e1culos accesibles para todos. Con sede en Montreal, el colectivo es activo tanto en la escena local como en la internacional. Danza Descalza, que re\u00fane a muchos socios y colaboradores, tiene tres miembros principales que trabajan como core\u00f3grafas, int\u00e9rpretes e instructoras: Yesenia Fuentes, Andrea Nino y Laurence Sabourin-Laflamme.<\/p>\n<p><span style=\"font-weight: 400;\">Creado en 2014, el colectivo Danza Descalza ofrece espect\u00e1culos y talleres \u00fanicos, un puente entre la innovaci\u00f3n y la tradici\u00f3n. AKO, la producci\u00f3n m\u00e1s reciente del colectivo, es una obra especialmente dise\u00f1ada para espacios p\u00fablicos. El espect\u00e1culo fue un \u00e9xito en 2019 con m\u00e1s de 30 actuaciones en Canad\u00e1. Danza Descalza tambi\u00e9n ofrece talleres semanales y puntuales <\/span><span style=\"font-weight: 400;\">personalizados <\/span><span style=\"font-weight: 400;\">as\u00ed como talleres en entornos corporativos y escolares.<\/span><\/p>\n<p>[\/et_pb_fullwidth_header][\/et_pb_section][et_pb_section fb_built=&#8221;1&#8243; fullwidth=&#8221;on&#8221; _builder_version=&#8221;4.16&#8243; background_color=&#8221;#efe8e1&#8243; use_background_color_gradient=&#8221;on&#8221; background_color_gradient_direction=&#8221;185deg&#8221; background_color_gradient_stops=&#8221;#f9f4ef 70%|#efe8e1 70%&#8221; background_color_gradient_start=&#8221;#f9f4ef&#8221; background_color_gradient_start_position=&#8221;70%&#8221; background_color_gradient_end=&#8221;#efe8e1&#8243; background_color_gradient_end_position=&#8221;70%&#8221; background_enable_image=&#8221;off&#8221; parallax=&#8221;on&#8221; parallax_method=&#8221;off&#8221; custom_padding=&#8221;60px||30px||false|&#8221; global_colors_info=&#8221;{}&#8221;][et_pb_fullwidth_header title=&#8221;Laurence Sabourin&#8221; text_orientation=&#8221;right&#8221; header_image_url=&#8221;http:\/\/staging.danzadescalza.com\/wp-content\/uploads\/2019\/10\/laurence-sabourin.jpg&#8221; content_max_width=&#8221;85%&#8221; _builder_version=&#8221;4.16&#8243; title_font_size=&#8221;32px&#8221; title_line_height=&#8221;1em&#8221; background_color=&#8221;rgba(0,0,0,0)&#8221; button_one_text_size=&#8221;13px&#8221; button_two_text_size=&#8221;13px&#8221; button_two_icon=&#8221;&#x24;||divi||400&#8243; custom_padding=&#8221;30px||30px|||&#8221; global_colors_info=&#8221;{}&#8221;]<span style=\"font-weight: 400;\">Laurence Sabourin-Laflamme es una artista interdisciplinaria que trabaja como core\u00f3grafa, bailarina y acordeonista. Se form\u00f3 en danza contempor\u00e1nea y ballet cl\u00e1sico y se interes\u00f3 posteriormente en los bailes afro-colombianos. Hizo varios viajes a Colombia donde produjo la pieza <\/span><i><span style=\"font-weight: 400;\">Mange Racine<\/span><\/i><span style=\"font-weight: 400;\"> (core\u00f3grafa \/ int\u00e9rprete) y realiz\u00f3 una gira con la <\/span><i><span style=\"font-weight: 400;\">Gypsy Kumbia Orchestra<\/span><\/i><span style=\"font-weight: 400;\">,\u00a0 grupo al que ha pertenecido por 5 a\u00f1os. Tambi\u00e9n trabaja con <\/span><i><span style=\"font-weight: 400;\">Mandoline Hybrid<\/span><\/i><span style=\"font-weight: 400;\"> y <\/span><i><span style=\"font-weight: 400;\">Les<\/span><\/i> <i><span style=\"font-weight: 400;\">Mains Tendres<\/span><\/i><span style=\"font-weight: 400;\">, con quienes realiza giras por Canad\u00e1 e internacionalmente.<\/span>[\/et_pb_fullwidth_header][\/et_pb_section][et_pb_section fb_built=&#8221;1&#8243; fullwidth=&#8221;on&#8221; _builder_version=&#8221;4.16&#8243; background_color=&#8221;#efe8e1&#8243; background_color_gradient_direction=&#8221;185deg&#8221; background_enable_image=&#8221;off&#8221; parallax=&#8221;on&#8221; parallax_method=&#8221;off&#8221; custom_padding=&#8221;60px||60px||false|&#8221; global_colors_info=&#8221;{}&#8221;][et_pb_fullwidth_header title=&#8221;Andrea Ni\u00f1o&#8221; text_orientation=&#8221;right&#8221; header_image_url=&#8221;http:\/\/staging.danzadescalza.com\/wp-content\/uploads\/2019\/10\/andrea-nino.jpg&#8221; content_max_width=&#8221;85%&#8221; _builder_version=&#8221;4.16&#8243; title_font_size=&#8221;32px&#8221; title_line_height=&#8221;1em&#8221; background_color=&#8221;rgba(0,0,0,0)&#8221; button_one_text_size=&#8221;13px&#8221; button_two_text_size=&#8221;13px&#8221; button_two_icon=&#8221;&#x24;||divi||400&#8243; custom_padding=&#8221;30px||30px|||&#8221; global_colors_info=&#8221;{}&#8221;]<span style=\"font-weight: 400;\">Despu\u00e9s de sus estudios en la Escuela de Danza Contempor\u00e1nea de Montreal, Andrea trabaj\u00f3 como int\u00e9rprete para los core\u00f3grafos L\u00e9a Tremblays, Roger Sinha, Alejandro de L\u00e9on, la Orquesta Gypsy Kumbia y como core\u00f3grafa para los proyectos de Cartographie Vivante y Filer. En 2014, cofund\u00f3 el Colectivo Danza Descalza para el cual ense\u00f1a, crea y realiza proyectos de mediaci\u00f3n cultural, en particular con la obra AKO, la \u00faltima creaci\u00f3n del colectivo. Al mismo tiempo, ella se forma en clown y teatro f\u00edsico. Andrea fue parte de la creaci\u00f3n Ni clowne, ni femme, como clown y es parte de la compa\u00f1\u00eda Chasseurs des R\u00eaves como zanquera.<\/span>[\/et_pb_fullwidth_header][\/et_pb_section][et_pb_section fb_built=&#8221;1&#8243; fullwidth=&#8221;on&#8221; _builder_version=&#8221;4.16&#8243; background_color=&#8221;#efe8e1&#8243; use_background_color_gradient=&#8221;on&#8221; background_color_gradient_direction=&#8221;185deg&#8221; background_color_gradient_stops=&#8221;#efe8e1 70%|#f9f4ef 70%&#8221; background_color_gradient_start=&#8221;#efe8e1&#8243; background_color_gradient_start_position=&#8221;70%&#8221; background_color_gradient_end=&#8221;#f9f4ef&#8221; background_color_gradient_end_position=&#8221;70%&#8221; background_enable_image=&#8221;off&#8221; parallax=&#8221;on&#8221; parallax_method=&#8221;off&#8221; custom_padding=&#8221;60px||30px||false|&#8221; global_colors_info=&#8221;{}&#8221;][et_pb_fullwidth_header title=&#8221;Yesenia Fuentes&#8221; text_orientation=&#8221;right&#8221; header_image_url=&#8221;http:\/\/staging.danzadescalza.com\/wp-content\/uploads\/2019\/10\/yesenia-fuentes.jpg&#8221; content_max_width=&#8221;85%&#8221; _builder_version=&#8221;4.16&#8243; title_font_size=&#8221;32px&#8221; title_letter_spacing=&#8221;0.01em&#8221; title_line_height=&#8221;1em&#8221; background_color=&#8221;rgba(0,0,0,0)&#8221; button_one_text_size=&#8221;13px&#8221; button_two_text_size=&#8221;13px&#8221; button_two_icon=&#8221;&#x24;||divi||400&#8243; custom_padding=&#8221;30px||30px|||&#8221; global_colors_info=&#8221;{}&#8221;]<span style=\"font-weight: 400;\">Yesenia Fuentes es artista esc\u00e9nica, core\u00f3grafa, bailarina y profesora<\/span><span style=\"font-weight: 400;\">. <\/span><span style=\"font-weight: 400;\">Es una creadora infatigable y ha trabajado en m\u00faltiples actuaciones y colaboraciones donde se combinan la danza, la m\u00fasica, el video y la fotograf\u00eda. Estas obras han sido\u00a0 presentadas en Canad\u00e1, Francia, Alemania y Colombia. Entre los a\u00f1os 2013 y 2015, cre\u00f3 la obra <\/span><i><span style=\"font-weight: 400;\">antik\u00f6rper<\/span><\/i><span style=\"font-weight: 400;\"> con el apoyo del programa <\/span><i><span style=\"font-weight: 400;\">Vivacit\u00e9<\/span><\/i><span style=\"font-weight: 400;\"> (<\/span><i><span style=\"font-weight: 400;\">CALQ<\/span><\/i><span style=\"font-weight: 400;\">, Ciudad de Montr\u00e9al, <\/span><i><span style=\"font-weight: 400;\">Minist\u00e8re de la Culture et des Communications<\/span><\/i><span style=\"font-weight: 400;\">) y del <\/span><i><span style=\"font-weight: 400;\">MAI (Montr\u00e9al, arts interculturels)<\/span><\/i><span style=\"font-weight: 400;\"> a trav\u00e9s del programa de tutor\u00eda y acompa\u00f1amiento a largo plazo. <\/span>[\/et_pb_fullwidth_header][\/et_pb_section][et_pb_section fb_built=&#8221;1&#8243; inner_shadow=&#8221;on&#8221; fullwidth=&#8221;on&#8221; _builder_version=&#8221;4.16&#8243; locked=&#8221;off&#8221; global_colors_info=&#8221;{}&#8221;][et_pb_fullwidth_slider _builder_version=&#8221;4.16&#8243; background_color=&#8221;#e55149&#8243; custom_padding=&#8221;425px||425px|||&#8221; animation_direction=&#8221;left&#8221; auto=&#8221;on&#8221; auto_speed=&#8221;4000&#8243; auto_ignore_hover=&#8221;on&#8221; global_colors_info=&#8221;{}&#8221;][et_pb_slide _builder_version=&#8221;4.16&#8243; background_color=&#8221;rgba(0,0,0,0)&#8221; background_enable_color=&#8221;on&#8221; background_image=&#8221;http:\/\/staging.danzadescalza.com\/wp-content\/uploads\/2019\/08\/AKO-Danza-Descalza-9.jpg&#8221; background_enable_image=&#8221;on&#8221; background_position=&#8221;bottom_center&#8221; filter_saturate=&#8221;70%&#8221; filter_brightness=&#8221;84%&#8221; filter_contrast=&#8221;106%&#8221; filter_sepia=&#8221;1%&#8221; filter_opacity=&#8221;90%&#8221; global_colors_info=&#8221;{}&#8221; sticky_transition=&#8221;on&#8221;][\/et_pb_slide][et_pb_slide _builder_version=&#8221;4.16&#8243; background_color=&#8221;rgba(0,0,0,0)&#8221; background_enable_color=&#8221;on&#8221; background_image=&#8221;http:\/\/staging.danzadescalza.com\/wp-content\/uploads\/2019\/08\/IMG_1880_photo.jpg&#8221; background_enable_image=&#8221;on&#8221; filter_saturate=&#8221;70%&#8221; filter_brightness=&#8221;84%&#8221; filter_contrast=&#8221;106%&#8221; filter_sepia=&#8221;1%&#8221; filter_opacity=&#8221;90%&#8221; global_colors_info=&#8221;{}&#8221; sticky_transition=&#8221;on&#8221;][\/et_pb_slide][et_pb_slide _builder_version=&#8221;4.16&#8243; background_color=&#8221;rgba(0,0,0,0)&#8221; background_enable_color=&#8221;on&#8221; background_image=&#8221;http:\/\/staging.danzadescalza.com\/wp-content\/uploads\/2019\/08\/AKO-@VanessaFortinPhotos-253.jpg&#8221; background_enable_image=&#8221;on&#8221; background_position=&#8221;bottom_center&#8221; filter_saturate=&#8221;70%&#8221; filter_brightness=&#8221;84%&#8221; filter_contrast=&#8221;106%&#8221; filter_sepia=&#8221;1%&#8221; filter_opacity=&#8221;90%&#8221; global_colors_info=&#8221;{}&#8221; sticky_transition=&#8221;on&#8221;][\/et_pb_slide][et_pb_slide _builder_version=&#8221;4.16&#8243; background_color=&#8221;rgba(0,0,0,0)&#8221; background_enable_color=&#8221;on&#8221; background_image=&#8221;http:\/\/staging.danzadescalza.com\/wp-content\/uploads\/2019\/08\/DCW04462.jpg&#8221; background_enable_image=&#8221;on&#8221; background_position=&#8221;top_center&#8221; filter_saturate=&#8221;70%&#8221; filter_brightness=&#8221;84%&#8221; filter_contrast=&#8221;106%&#8221; filter_sepia=&#8221;1%&#8221; filter_opacity=&#8221;90%&#8221; global_colors_info=&#8221;{}&#8221; sticky_transition=&#8221;on&#8221;][\/et_pb_slide][et_pb_slide _builder_version=&#8221;4.16&#8243; background_color=&#8221;rgba(0,0,0,0)&#8221; background_enable_color=&#8221;on&#8221; background_image=&#8221;http:\/\/staging.danzadescalza.com\/wp-content\/uploads\/2019\/08\/AKO-Danza-Descalza-10.jpg&#8221; background_enable_image=&#8221;on&#8221; background_position=&#8221;top_center&#8221; filter_saturate=&#8221;70%&#8221; filter_brightness=&#8221;84%&#8221; filter_contrast=&#8221;106%&#8221; filter_sepia=&#8221;1%&#8221; filter_opacity=&#8221;90%&#8221; global_colors_info=&#8221;{}&#8221; sticky_transition=&#8221;on&#8221;][\/et_pb_slide][\/et_pb_fullwidth_slider][\/et_pb_section][et_pb_section fb_built=&#8221;1&#8243; admin_label=&#8221;Testimonials&#8221; _builder_version=&#8221;4.0.5&#8243; background_color=&#8221;#e55149&#8243; background_enable_image=&#8221;off&#8221; custom_padding=&#8221;43px||0px|||&#8221; top_divider_color=&#8221;#ec5943&#8243; top_divider_height=&#8221;87px&#8221; top_divider_repeat=&#8221;0.6x&#8221; bottom_divider_color=&#8221;#ec5943&#8243; bottom_divider_repeat=&#8221;0.2x&#8221; global_module=&#8221;4836&#8243; collapsed=&#8221;on&#8221; global_colors_info=&#8221;{}&#8221;][et_pb_row _builder_version=&#8221;4.16&#8243; custom_padding=&#8221;30px||30px|||&#8221; global_colors_info=&#8221;{}&#8221;][et_pb_column type=&#8221;4_4&#8243; _builder_version=&#8221;4.16&#8243; global_colors_info=&#8221;{}&#8221;][et_pb_text _builder_version=&#8221;4.16&#8243; text_font=&#8221;||||||||&#8221; text_text_color=&#8221;#f9f4ef&#8221; text_font_size=&#8221;15px&#8221; text_letter_spacing=&#8221;0.03em&#8221; text_line_height=&#8221;0.5em&#8221; header_2_font=&#8221;||||||||&#8221; header_2_text_color=&#8221;#edd7c9&#8243; min_height=&#8221;43px&#8221; custom_margin=&#8221;||15px|||&#8221; global_colors_info=&#8221;{}&#8221;]<\/p>\n<p>booking@danzadescalza.com<\/p>\n<p>info@danzadescalza.com<\/p>\n<p>[\/et_pb_text][et_pb_divider color=&#8221;#f9f4ef&#8221; _builder_version=&#8221;4.16&#8243; custom_margin=&#8221;||0px||false|false&#8221; global_colors_info=&#8221;{}&#8221;][\/et_pb_divider][et_pb_social_media_follow icon_color=&#8221;#f9f9f9&#8243; _builder_version=&#8221;4.16&#8243; text_orientation=&#8221;left&#8221; filter_opacity=&#8221;90%&#8221; locked=&#8221;off&#8221; global_colors_info=&#8221;{}&#8221;][et_pb_social_media_follow_network social_network=&#8221;facebook&#8221; icon_color=&#8221;#f9f4ef&#8221; use_icon_font_size=&#8221;on&#8221; icon_font_size=&#8221;13px&#8221; _builder_version=&#8221;4.16&#8243; background_color=&#8221;rgba(0,0,0,0)&#8221; background_enable_color=&#8221;on&#8221; border_radii=&#8221;on|20px|20px|20px|20px&#8221; border_width_all=&#8221;2px&#8221; border_color_all=&#8221;#f9f4ef&#8221; global_colors_info=&#8221;{}&#8221; follow_button=&#8221;off&#8221; url_new_window=&#8221;on&#8221;]facebook[\/et_pb_social_media_follow_network][et_pb_social_media_follow_network social_network=&#8221;instagram&#8221; icon_color=&#8221;#f9f4ef&#8221; use_icon_font_size=&#8221;on&#8221; icon_font_size=&#8221;13px&#8221; _builder_version=&#8221;4.16&#8243; background_color=&#8221;rgba(0,0,0,0)&#8221; background_enable_color=&#8221;on&#8221; border_radii=&#8221;on|20px|20px|20px|20px&#8221; border_width_all=&#8221;2px&#8221; border_color_all=&#8221;#f9f4ef&#8221; global_colors_info=&#8221;{}&#8221; follow_button=&#8221;off&#8221; url_new_window=&#8221;on&#8221;]instagram[\/et_pb_social_media_follow_network][\/et_pb_social_media_follow][\/et_pb_column][\/et_pb_row][\/et_pb_section]<\/p>\n","protected":false},"excerpt":{"rendered":"<p>Creado en 2014, el colectivo Danza Descalza ofrece espect\u00e1culos y talleres \u00fanicos, un puente entre la innovaci\u00f3n y la tradici\u00f3n. <\/p>\n","protected":false},"author":1,"featured_media":2096,"parent":0,"menu_order":0,"comment_status":"closed","ping_status":"closed","template":"","meta":{"_et_pb_use_builder":"on","_et_pb_old_content":"","_et_gb_content_width":"","inline_featured_image":false},"_links":{"self":[{"href":"http:\/\/staging.danzadescalza.com\/es\/wp-json\/wp\/v2\/pages\/5614"}],"collection":[{"href":"http:\/\/staging.danzadescalza.com\/es\/wp-json\/wp\/v2\/pages"}],"about":[{"href":"http:\/\/staging.danzadescalza.com\/es\/wp-json\/wp\/v2\/types\/page"}],"author":[{"embeddable":true,"href":"http:\/\/staging.danzadescalza.com\/es\/wp-json\/wp\/v2\/users\/1"}],"replies":[{"embeddable":true,"href":"http:\/\/staging.danzadescalza.com\/es\/wp-json\/wp\/v2\/comments?post=5614"}],"version-history":[{"count":10,"href":"http:\/\/staging.danzadescalza.com\/es\/wp-json\/wp\/v2\/pages\/5614\/revisions"}],"predecessor-version":[{"id":6253,"href":"http:\/\/staging.danzadescalza.com\/es\/wp-json\/wp\/v2\/pages\/5614\/revisions\/6253"}],"wp:featuredmedia":[{"embeddable":true,"href":"http:\/\/staging.danzadescalza.com\/es\/wp-json\/wp\/v2\/media\/2096"}],"wp:attachment":[{"href":"http:\/\/staging.danzadescalza.com\/es\/wp-json\/wp\/v2\/media?parent=5614"}],"curies":[{"name":"wp","href":"https:\/\/api.w.org\/{rel}","templated":true}]}}