{"id":5604,"date":"2020-05-01T14:16:38","date_gmt":"2020-05-01T18:16:38","guid":{"rendered":"http:\/\/staging.danzadescalza.com\/espectaculos\/"},"modified":"2022-05-15T18:04:36","modified_gmt":"2022-05-15T22:04:36","slug":"espectaculos","status":"publish","type":"page","link":"http:\/\/staging.danzadescalza.com\/es\/espectaculos\/","title":{"rendered":"AKO"},"content":{"rendered":"<p>[et_pb_section fb_built=&#8221;1&#8243; inner_shadow=&#8221;on&#8221; fullwidth=&#8221;on&#8221; admin_label=&#8221;Video&#8221; _builder_version=&#8221;4.16&#8243; background_color=&#8221;#e55149&#8243; background_enable_video_mp4=&#8221;off&#8221; module_alignment=&#8221;center&#8221; min_height_tablet=&#8221;&#8221; min_height_phone=&#8221;&#8221; min_height_last_edited=&#8221;on|desktop&#8221; bottom_divider_color=&#8221;#e55149&#8243; bottom_divider_flip=&#8221;horizontal&#8221; collapsed=&#8221;on&#8221; global_colors_info=&#8221;{}&#8221;][et_pb_fullwidth_header background_overlay_color=&#8221;rgba(0,0,0,0.05)&#8221; _builder_version=&#8221;4.16&#8243; background_color=&#8221;rgba(0,0,0,0)&#8221; background_image=&#8221;http:\/\/staging.danzadescalza.com\/wp-content\/uploads\/2019\/08\/danza-descalza-trio-1.jpg&#8221; parallax=&#8221;on&#8221; parallax_method=&#8221;on&#8221; background_video_mp4=&#8221;http:\/\/staging.danzadescalza.com\/wp-content\/uploads\/2019\/11\/danza-descalza-teaser-2019-short.mp4&#8243; background_video_width=&#8221;1920px&#8221; background_video_height=&#8221;1080px&#8221; allow_player_pause=&#8221;on&#8221; button_one_text_size=&#8221;13&#8243; button_two_text_size=&#8221;13&#8243; min_height=&#8221;800px&#8221; min_height_tablet=&#8221;600px&#8221; min_height_phone=&#8221;450px&#8221; min_height_last_edited=&#8221;on|phone&#8221; filter_saturate=&#8221;90%&#8221; filter_sepia=&#8221;5%&#8221; filter_opacity=&#8221;88%&#8221; child_filter_hue_rotate=&#8221;359deg&#8221; child_filter_saturate=&#8221;146%&#8221; child_filter_brightness=&#8221;116%&#8221; animation_style=&#8221;fade&#8221; animation_direction=&#8221;top&#8221; animation_duration=&#8221;8000ms&#8221; border_radii_image=&#8221;on|141px|141px|141px|141px&#8221; global_colors_info=&#8221;{}&#8221;][\/et_pb_fullwidth_header][\/et_pb_section][et_pb_section fb_built=&#8221;1&#8243; fullwidth=&#8221;on&#8221; _builder_version=&#8221;4.16&#8243; locked=&#8221;off&#8221; global_colors_info=&#8221;{}&#8221;][et_pb_fullwidth_header title=&#8221;Espect\u00e1culo AKO&#8221; button_one_text=&#8221;Comunicado de Prensa&#8221; button_one_url=&#8221;https:\/\/drive.google.com\/file\/d\/1UdqjsAwUWW7p8D5f_R_fzGJqg0rV_d0i\/view?usp=sharing&#8221; button_two_text=&#8221;Booking&#8221; button_two_url=&#8221;http:\/\/staging.danzadescalza.com\/es\/contacto\/&#8221; content_max_width=&#8221;60%&#8221; content_max_width_tablet=&#8221;&#8221; content_max_width_phone=&#8221;90%&#8221; content_max_width_last_edited=&#8221;on|phone&#8221; _builder_version=&#8221;4.16&#8243; title_text_color=&#8221;#efe8e1&#8243; content_text_color=&#8221;#efe8e1&#8243; background_image=&#8221;http:\/\/staging.danzadescalza.com\/wp-content\/uploads\/2019\/11\/square-left-red-5.png&#8221; background_blend=&#8221;multiply&#8221; button_one_text_size=&#8221;13&#8243; button_one_text_color=&#8221;#efe8e1&#8243; button_one_border_color=&#8221;#efe8e1&#8243; button_one_icon_color=&#8221;#efe3d5&#8243; button_two_text_size=&#8221;13&#8243; button_two_text_color=&#8221;#efe8e1&#8243; button_two_border_color=&#8221;#efe8e1&#8243; button_two_icon_color=&#8221;#efe3d5&#8243; custom_padding=&#8221;||60px|||&#8221; global_colors_info=&#8221;{}&#8221;]Este espect\u00e1culo de danza le invita a sumergirse en un universo encantador y c\u00e1lido a la vez, en el que\u00a0tres personajes enmascarados se transforman. Su baile crea una escena en s\u00ed misma, un espacio\u00a0circular trazado por un hilo rojo distribuido al p\u00fablico, que llega a propiciar la danza en el cuerpo de\u00a0los miembros del p\u00fablico, invit\u00e1ndolos a dibujar algunos pasos en coro, con el hilo en la\u00a0mano.[\/et_pb_fullwidth_header][\/et_pb_section][et_pb_section fb_built=&#8221;1&#8243; fullwidth=&#8221;on&#8221; _builder_version=&#8221;4.16&#8243; background_color=&#8221;rgba(0,0,0,0)&#8221; background_color_gradient_direction=&#8221;185deg&#8221; background_enable_image=&#8221;off&#8221; parallax=&#8221;on&#8221; parallax_method=&#8221;off&#8221; global_colors_info=&#8221;{}&#8221;][et_pb_fullwidth_slider show_arrows=&#8221;off&#8221; show_pagination=&#8221;off&#8221; _builder_version=&#8221;4.16&#8243; header_text_align=&#8221;right&#8221; header_text_color=&#8221;#e55149&#8243; header_font_size=&#8221;24px&#8221; header_letter_spacing=&#8221;0em&#8221; body_font=&#8221;Libre Franklin||||||||&#8221; body_text_align=&#8221;right&#8221; body_text_color=&#8221;#e55149&#8243; body_font_size=&#8221;15px&#8221; background_color=&#8221;#efe8e1&#8243; use_background_color_gradient=&#8221;on&#8221; background_color_gradient_direction=&#8221;185deg&#8221; background_color_gradient_stops=&#8221;#efe8e1 70%|#f9f4ef 70%&#8221; background_color_gradient_start=&#8221;#efe8e1&#8243; background_color_gradient_start_position=&#8221;70%&#8221; background_color_gradient_end=&#8221;#f9f4ef&#8221; background_color_gradient_end_position=&#8221;70%&#8221; background_enable_image=&#8221;off&#8221; parallax=&#8221;on&#8221; custom_button=&#8221;on&#8221; button_text_size=&#8221;13px&#8221; button_text_color=&#8221;#e55149&#8243; button_border_width=&#8221;1px&#8221; button_border_color=&#8221;#e55149&#8243; button_border_radius=&#8221;1px&#8221; button_icon_color=&#8221;#e55149&#8243; button_alignment=&#8221;right&#8221; content_width=&#8221;90%&#8221; custom_padding=&#8221;240px||120px|||&#8221; header_text_shadow_style=&#8221;preset3&#8243; header_text_shadow_blur_strength=&#8221;0em&#8221; header_text_shadow_color=&#8221;rgba(0,0,0,0)&#8221; body_text_shadow_style=&#8221;preset3&#8243; body_text_shadow_blur_strength=&#8221;0em&#8221; body_text_shadow_color=&#8221;rgba(0,0,0,0)&#8221; box_shadow_style_image=&#8221;preset4&#8243; global_colors_info=&#8221;{}&#8221;][et_pb_slide heading=&#8221;&#8230;concebida para el espacio p\u00fablico&#8221; button_text=&#8221;Fechas a venir&#8221; button_link=&#8221;http:\/\/staging.danzadescalza.com\/dates&#8221; use_bg_overlay=&#8221;off&#8221; video_url=&#8221;http:\/\/staging.danzadescalza.com\/wp-content\/uploads\/2019\/09\/danza-descalza-ako-2-2.mp4&#8243; _builder_version=&#8221;4.16&#8243; body_font=&#8221;||||||||&#8221; global_colors_info=&#8221;{}&#8221; sticky_transition=&#8221;on&#8221;]AKO es una obra inspirada en los ritmos y la expresividad de las danzas tradicionales afro-colombianas a trav\u00e9s de una escritura contempor\u00e1nea. La pieza celebra a la vez la feminidad, la alegr\u00eda\u00a0y la resiliencia.\u00a0Si se desea, se ofrece tambi\u00e9n un taller para el p\u00fablico en general. En este, se explora el universo\u00a0danzante de AKO como complemento del espect\u00e1culo.[\/et_pb_slide][\/et_pb_fullwidth_slider][\/et_pb_section][et_pb_section fb_built=&#8221;1&#8243; admin_label=&#8221;Ateliers Description&#8221; _builder_version=&#8221;4.16&#8243; background_color=&#8221;#f9f4ef&#8221; background_color_gradient_direction=&#8221;182deg&#8221; background_enable_image=&#8221;off&#8221; parallax=&#8221;on&#8221; custom_padding=&#8221;2px||60px||false|false&#8221; top_divider_style=&#8221;none&#8221; top_divider_color=&#8221;#eddfc9&#8243; top_divider_repeat=&#8221;0.5x&#8221; bottom_divider_color=&#8221;#f7f5f2&#8243; bottom_divider_flip=&#8221;horizontal&#8221; collapsed=&#8221;on&#8221; global_colors_info=&#8221;{}&#8221;][et_pb_row column_structure=&#8221;1_3,1_3,1_3&#8243; _builder_version=&#8221;4.16&#8243; background_enable_image=&#8221;off&#8221; parallax=&#8221;on&#8221; width=&#8221;78%&#8221; width_tablet=&#8221;75%&#8221; width_phone=&#8221;75%&#8221; width_last_edited=&#8221;on|phone&#8221; custom_padding=&#8221;0px||0px|||&#8221; global_colors_info=&#8221;{}&#8221;][et_pb_column type=&#8221;1_3&#8243; _builder_version=&#8221;4.16&#8243; background_enable_image=&#8221;off&#8221; global_colors_info=&#8221;{}&#8221;][et_pb_testimonial author=&#8221;CBC NEWS&#8221; job_title=&#8221;Articulo integral \u2192 &#8221; quote_icon=&#8221;off&#8221; quote_icon_color=&#8221;rgba(0,0,0,0.8)&#8221; quote_icon_background_color=&#8221;rgba(0,0,0,0)&#8221; portrait_width=&#8221;1px&#8221; portrait_height=&#8221;1px&#8221; _builder_version=&#8221;4.16&#8243; body_font=&#8221;||||||||&#8221; body_text_color=&#8221;#e55149&#8243; author_font=&#8221;|800|||||||&#8221; author_text_color=&#8221;#e55149&#8243; position_font=&#8221;||||||||&#8221; position_text_color=&#8221;#e55149&#8243; company_text_color=&#8221;rgba(0,0,0,0.8)&#8221; background_color=&#8221;rgba(0,0,0,0)&#8221; background_layout=&#8221;dark&#8221; width=&#8221;100%&#8221; max_width=&#8221;100%&#8221; module_alignment=&#8221;left&#8221; custom_margin=&#8221;||15px||false|false&#8221; custom_margin_tablet=&#8221;0px||0px||true|false&#8221; custom_margin_phone=&#8221;||||true&#8221; custom_margin_last_edited=&#8221;on|desktop&#8221; custom_padding=&#8221;0px||0px||true|false&#8221; custom_padding_tablet=&#8221;30px|3px||3px|false|true&#8221; custom_padding_phone=&#8221;|3px||3px|false|true&#8221; custom_padding_last_edited=&#8221;on|phone&#8221; link_option_url=&#8221;https:\/\/www.cbc.ca\/news\/canada\/montreal\/danza-descalza-collective-montreal-columbia-dance-1.5207819&#8243; border_color_all=&#8221;rgba(0,0,0,0.8)&#8221; border_color_top=&#8221;#ec5943&#8243; border_width_left=&#8221;1px&#8221; border_color_left=&#8221;#ec5943&#8243; border_width_top_tablet=&#8221;1px&#8221; border_width_top_phone=&#8221;&#8221; border_width_top_last_edited=&#8221;on|desktop&#8221; border_width_left_tablet=&#8221;0px&#8221; border_width_left_phone=&#8221;&#8221; border_width_left_last_edited=&#8221;on|tablet&#8221; border_radii_portrait=&#8221;on|0px|0px|0px|0px&#8221; border_color_all_portrait=&#8221;rgba(0,0,0,0)&#8221; border_style_all_portrait=&#8221;none&#8221; global_colors_info=&#8221;{}&#8221; border_color_all__hover_enabled=&#8221;on&#8221; border_color_all__hover=&#8221;rgba(0,0,0,0.25)&#8221; body_text_color__hover_enabled=&#8221;on&#8221; body_text_color__hover=&#8221;rgba(0,0,0,0.25)&#8221; author_text_color__hover_enabled=&#8221;on&#8221; author_text_color__hover=&#8221;rgba(0,0,0,0.25)&#8221; position_text_color__hover_enabled=&#8221;on&#8221; position_text_color__hover=&#8221;rgba(0,0,0,0.26)&#8221;]<\/p>\n<p><span>&#8220;Masked women in bright flowing skirts performing\u00a0a sinuous routine inspired by Colombian dance \u2014 a\u00a0vibrant visual feast&#8230;&#8221;<\/span><\/p>\n<p>[\/et_pb_testimonial][\/et_pb_column][et_pb_column type=&#8221;1_3&#8243; _builder_version=&#8221;4.16&#8243; global_colors_info=&#8221;{}&#8221;][et_pb_testimonial author=&#8221;Journal Metro&#8221; job_title=&#8221;Articulo integral \u2192 &#8221; url=&#8221;https:\/\/journalmetro.com\/local\/riviere-des-prairies\/2344757\/un-spectacle-de-toutes-les-couleurs\/&#8221; quote_icon=&#8221;off&#8221; quote_icon_color=&#8221;rgba(0,0,0,0.8)&#8221; quote_icon_background_color=&#8221;rgba(0,0,0,0)&#8221; portrait_width=&#8221;1px&#8221; portrait_height=&#8221;1px&#8221; _builder_version=&#8221;4.16&#8243; body_font=&#8221;||||||||&#8221; body_text_color=&#8221;#e55149&#8243; author_font=&#8221;|800|||||||&#8221; author_text_color=&#8221;#e55149&#8243; position_font=&#8221;||||||||&#8221; position_text_color=&#8221;#e55149&#8243; company_text_color=&#8221;rgba(0,0,0,0.8)&#8221; background_color=&#8221;rgba(0,0,0,0)&#8221; width=&#8221;100%&#8221; max_width=&#8221;100%&#8221; module_alignment=&#8221;left&#8221; custom_margin=&#8221;||15px||false|false&#8221; custom_margin_tablet=&#8221;0px||0px||true|false&#8221; custom_margin_phone=&#8221;||||true&#8221; custom_margin_last_edited=&#8221;on|desktop&#8221; custom_padding=&#8221;0px||0px||true|false&#8221; custom_padding_tablet=&#8221;30px|3px||3px|false|true&#8221; custom_padding_phone=&#8221;|3px||3px|false|true&#8221; custom_padding_last_edited=&#8221;on|phone&#8221; link_option_url=&#8221;https:\/\/www.cbc.ca\/news\/canada\/montreal\/danza-descalza-collective-montreal-columbia-dance-1.5207819&#8243; border_color_all=&#8221;rgba(0,0,0,0.8)&#8221; border_color_top=&#8221;#ec5943&#8243; border_width_left=&#8221;1px&#8221; border_color_left=&#8221;#ec5943&#8243; border_width_top_tablet=&#8221;1px&#8221; border_width_top_phone=&#8221;&#8221; border_width_top_last_edited=&#8221;on|desktop&#8221; border_width_left_tablet=&#8221;0px&#8221; border_width_left_phone=&#8221;&#8221; border_width_left_last_edited=&#8221;on|tablet&#8221; border_radii_portrait=&#8221;on|0px|0px|0px|0px&#8221; border_color_all_portrait=&#8221;rgba(0,0,0,0)&#8221; border_style_all_portrait=&#8221;none&#8221; global_colors_info=&#8221;{}&#8221; border_color_all__hover_enabled=&#8221;on&#8221; border_color_all__hover=&#8221;rgba(0,0,0,0.25)&#8221; body_text_color__hover_enabled=&#8221;on&#8221; body_text_color__hover=&#8221;rgba(0,0,0,0.25)&#8221; author_text_color__hover_enabled=&#8221;on&#8221; author_text_color__hover=&#8221;rgba(0,0,0,0.25)&#8221; position_text_color__hover_enabled=&#8221;on&#8221; position_text_color__hover=&#8221;rgba(0,0,0,0.26)&#8221;]<\/p>\n<p><span>&#8220;C\u2019est une pi\u00e8ce qui est assez accessible, mais on am\u00e8ne aussi un c\u00f4t\u00e9 po\u00e9tique et fantastique dans les espaces publics&#8230;&#8221;<\/span><\/p>\n<p>[\/et_pb_testimonial][\/et_pb_column][et_pb_column type=&#8221;1_3&#8243; _builder_version=&#8221;4.16&#8243; global_colors_info=&#8221;{}&#8221;][et_pb_testimonial author=&#8221;Daybreak Montreal&#8221; job_title=&#8221;Articulo integral \u2192 &#8221; url=&#8221;https:\/\/www.cbc.ca\/listen\/live-radio\/1-15-daybreak-montreal\/clip\/15725971-danza-descalza-brings-a-touch-of-colombia-to-montreal-parks&#8221; quote_icon=&#8221;off&#8221; quote_icon_color=&#8221;rgba(0,0,0,0.8)&#8221; quote_icon_background_color=&#8221;rgba(0,0,0,0)&#8221; portrait_width=&#8221;1px&#8221; portrait_height=&#8221;1px&#8221; _builder_version=&#8221;4.16&#8243; body_font=&#8221;||||||||&#8221; body_text_color=&#8221;#e55149&#8243; author_font=&#8221;|800|||||||&#8221; author_text_color=&#8221;#e55149&#8243; position_font=&#8221;||||||||&#8221; position_text_color=&#8221;#e55149&#8243; company_text_color=&#8221;rgba(0,0,0,0.8)&#8221; background_color=&#8221;rgba(0,0,0,0)&#8221; width=&#8221;100%&#8221; max_width=&#8221;100%&#8221; module_alignment=&#8221;left&#8221; custom_margin=&#8221;||15px||false|false&#8221; custom_margin_tablet=&#8221;0px||0px||true|false&#8221; custom_margin_phone=&#8221;||||true&#8221; custom_margin_last_edited=&#8221;on|desktop&#8221; custom_padding=&#8221;0px||0px||true|false&#8221; custom_padding_tablet=&#8221;30px|3px||3px|false|true&#8221; custom_padding_phone=&#8221;|3px||3px|false|true&#8221; custom_padding_last_edited=&#8221;on|phone&#8221; link_option_url=&#8221;https:\/\/www.cbc.ca\/news\/canada\/montreal\/danza-descalza-collective-montreal-columbia-dance-1.5207819&#8243; border_color_all=&#8221;rgba(0,0,0,0.8)&#8221; border_color_top=&#8221;#ec5943&#8243; border_width_left=&#8221;1px&#8221; border_color_left=&#8221;#ec5943&#8243; border_width_top_tablet=&#8221;1px&#8221; border_width_top_phone=&#8221;&#8221; border_width_top_last_edited=&#8221;on|desktop&#8221; border_width_left_tablet=&#8221;0px&#8221; border_width_left_phone=&#8221;&#8221; border_width_left_last_edited=&#8221;on|tablet&#8221; border_radii_portrait=&#8221;on|0px|0px|0px|0px&#8221; border_color_all_portrait=&#8221;rgba(0,0,0,0)&#8221; border_style_all_portrait=&#8221;none&#8221; global_colors_info=&#8221;{}&#8221; border_color_all__hover_enabled=&#8221;on&#8221; border_color_all__hover=&#8221;rgba(0,0,0,0.25)&#8221; body_text_color__hover_enabled=&#8221;on&#8221; body_text_color__hover=&#8221;rgba(0,0,0,0.25)&#8221; author_text_color__hover_enabled=&#8221;on&#8221; author_text_color__hover=&#8221;rgba(0,0,0,0.25)&#8221; position_text_color__hover_enabled=&#8221;on&#8221; position_text_color__hover=&#8221;rgba(0,0,0,0.26)&#8221;]<\/p>\n<p><span>&#8220;In parks around Montreal you may see masked women with big skirts dancing around. If you see these dancers in action&#8230;&#8221;<\/span><\/p>\n<p>[\/et_pb_testimonial][\/et_pb_column][\/et_pb_row][\/et_pb_section][et_pb_section fb_built=&#8221;1&#8243; inner_shadow=&#8221;on&#8221; fullwidth=&#8221;on&#8221; _builder_version=&#8221;4.17.3&#8243; locked=&#8221;off&#8221; global_colors_info=&#8221;{}&#8221;][et_pb_fullwidth_slider _builder_version=&#8221;4.16&#8243; background_color=&#8221;#e55149&#8243; custom_padding=&#8221;425px||425px|||&#8221; animation_direction=&#8221;left&#8221; auto=&#8221;on&#8221; auto_speed=&#8221;4000&#8243; auto_ignore_hover=&#8221;on&#8221; global_colors_info=&#8221;{}&#8221;][et_pb_slide _builder_version=&#8221;4.16&#8243; background_color=&#8221;rgba(0,0,0,0)&#8221; background_enable_color=&#8221;on&#8221; background_image=&#8221;http:\/\/staging.danzadescalza.com\/wp-content\/uploads\/2019\/08\/AKO-Danza-Descalza-9.jpg&#8221; background_enable_image=&#8221;on&#8221; background_position=&#8221;bottom_center&#8221; filter_saturate=&#8221;70%&#8221; filter_brightness=&#8221;84%&#8221; filter_contrast=&#8221;106%&#8221; filter_sepia=&#8221;1%&#8221; filter_opacity=&#8221;90%&#8221; global_colors_info=&#8221;{}&#8221; sticky_transition=&#8221;on&#8221;][\/et_pb_slide][et_pb_slide _builder_version=&#8221;4.16&#8243; background_color=&#8221;rgba(0,0,0,0)&#8221; background_enable_color=&#8221;on&#8221; background_image=&#8221;http:\/\/staging.danzadescalza.com\/wp-content\/uploads\/2019\/08\/IMG_1880_photo.jpg&#8221; background_enable_image=&#8221;on&#8221; filter_saturate=&#8221;70%&#8221; filter_brightness=&#8221;84%&#8221; filter_contrast=&#8221;106%&#8221; filter_sepia=&#8221;1%&#8221; filter_opacity=&#8221;90%&#8221; global_colors_info=&#8221;{}&#8221; sticky_transition=&#8221;on&#8221;][\/et_pb_slide][et_pb_slide _builder_version=&#8221;4.16&#8243; background_color=&#8221;rgba(0,0,0,0)&#8221; background_enable_color=&#8221;on&#8221; background_image=&#8221;http:\/\/staging.danzadescalza.com\/wp-content\/uploads\/2019\/08\/AKO-@VanessaFortinPhotos-253.jpg&#8221; background_enable_image=&#8221;on&#8221; background_position=&#8221;bottom_center&#8221; filter_saturate=&#8221;70%&#8221; filter_brightness=&#8221;84%&#8221; filter_contrast=&#8221;106%&#8221; filter_sepia=&#8221;1%&#8221; filter_opacity=&#8221;90%&#8221; global_colors_info=&#8221;{}&#8221; sticky_transition=&#8221;on&#8221;][\/et_pb_slide][et_pb_slide _builder_version=&#8221;4.16&#8243; background_color=&#8221;rgba(0,0,0,0)&#8221; background_enable_color=&#8221;on&#8221; background_image=&#8221;http:\/\/staging.danzadescalza.com\/wp-content\/uploads\/2019\/08\/DCW04462.jpg&#8221; background_enable_image=&#8221;on&#8221; background_position=&#8221;top_center&#8221; filter_saturate=&#8221;70%&#8221; filter_brightness=&#8221;84%&#8221; filter_contrast=&#8221;106%&#8221; filter_sepia=&#8221;1%&#8221; filter_opacity=&#8221;90%&#8221; global_colors_info=&#8221;{}&#8221; sticky_transition=&#8221;on&#8221;][\/et_pb_slide][et_pb_slide _builder_version=&#8221;4.16&#8243; background_color=&#8221;rgba(0,0,0,0)&#8221; background_enable_color=&#8221;on&#8221; background_image=&#8221;http:\/\/staging.danzadescalza.com\/wp-content\/uploads\/2019\/08\/AKO-Danza-Descalza-10.jpg&#8221; background_enable_image=&#8221;on&#8221; background_position=&#8221;top_center&#8221; filter_saturate=&#8221;70%&#8221; filter_brightness=&#8221;84%&#8221; filter_contrast=&#8221;106%&#8221; filter_sepia=&#8221;1%&#8221; filter_opacity=&#8221;90%&#8221; global_colors_info=&#8221;{}&#8221; sticky_transition=&#8221;on&#8221;][\/et_pb_slide][et_pb_slide _builder_version=&#8221;4.16&#8243; background_color=&#8221;rgba(0,0,0,0)&#8221; background_enable_color=&#8221;on&#8221; background_image=&#8221;http:\/\/staging.danzadescalza.com\/wp-content\/uploads\/2019\/08\/Copy-of-lo-5156-1.jpg&#8221; background_enable_image=&#8221;on&#8221; background_position=&#8221;top_center&#8221; filter_saturate=&#8221;70%&#8221; filter_brightness=&#8221;84%&#8221; filter_contrast=&#8221;106%&#8221; filter_sepia=&#8221;1%&#8221; filter_opacity=&#8221;90%&#8221; global_colors_info=&#8221;{}&#8221; sticky_transition=&#8221;on&#8221;][\/et_pb_slide][\/et_pb_fullwidth_slider][\/et_pb_section][et_pb_section fb_built=&#8221;1&#8243; _builder_version=&#8221;4.16&#8243; background_color=&#8221;#e55149&#8243; custom_padding=&#8221;0px||0px||true|&#8221; global_colors_info=&#8221;{}&#8221;][et_pb_row column_structure=&#8221;1_4,1_4,1_4,1_4&#8243; use_custom_gutter=&#8221;on&#8221; gutter_width=&#8221;4&#8243; _builder_version=&#8221;4.16&#8243; width=&#8221;100%&#8221; width_tablet=&#8221;&#8221; width_phone=&#8221;50%&#8221; width_last_edited=&#8221;on|desktop&#8221; module_alignment=&#8221;center&#8221; custom_padding=&#8221;0px||0px||true|&#8221; global_colors_info=&#8221;{}&#8221;][et_pb_column type=&#8221;1_4&#8243; _builder_version=&#8221;4.16&#8243; global_colors_info=&#8221;{}&#8221;][et_pb_image src=&#8221;http:\/\/staging.danzadescalza.com\/wp-content\/uploads\/2019\/11\/Calq_renverse-2.png&#8221; align=&#8221;center&#8221; _builder_version=&#8221;4.16&#8243; width_tablet=&#8221;&#8221; width_phone=&#8221;75%&#8221; width_last_edited=&#8221;on|desktop&#8221; custom_padding=&#8221;34px||34px||true|false&#8221; filter_opacity=&#8221;90%&#8221; global_colors_info=&#8221;{}&#8221;][\/et_pb_image][\/et_pb_column][et_pb_column type=&#8221;1_4&#8243; _builder_version=&#8221;4.16&#8243; global_colors_info=&#8221;{}&#8221;][et_pb_image src=&#8221;http:\/\/staging.danzadescalza.com\/wp-content\/uploads\/2019\/11\/header-logo_2018-3.png&#8221; align=&#8221;center&#8221; _builder_version=&#8221;4.16&#8243; width=&#8221;70%&#8221; custom_margin=&#8221;17px||17px||true|&#8221; custom_padding=&#8221;19px||19px||true|false&#8221; filter_opacity=&#8221;90%&#8221; global_colors_info=&#8221;{}&#8221;][\/et_pb_image][\/et_pb_column][et_pb_column type=&#8221;1_4&#8243; _builder_version=&#8221;4.16&#8243; global_colors_info=&#8221;{}&#8221;][et_pb_image src=&#8221;http:\/\/staging.danzadescalza.com\/wp-content\/uploads\/2019\/11\/logo-conseil-des-arts-du-canada-3.png&#8221; align=&#8221;center&#8221; _builder_version=&#8221;4.16&#8243; width_tablet=&#8221;90%&#8221; width_phone=&#8221;&#8221; width_last_edited=&#8221;on|tablet&#8221; module_alignment=&#8221;center&#8221; custom_padding=&#8221;45px||45px||true|&#8221; filter_opacity=&#8221;90%&#8221; module_alignment_tablet=&#8221;right&#8221; module_alignment_phone=&#8221;&#8221; module_alignment_last_edited=&#8221;on|phone&#8221; global_colors_info=&#8221;{}&#8221;][\/et_pb_image][\/et_pb_column][et_pb_column type=&#8221;1_4&#8243; _builder_version=&#8221;4.16&#8243; global_colors_info=&#8221;{}&#8221;][et_pb_image src=&#8221;http:\/\/staging.danzadescalza.com\/wp-content\/uploads\/2019\/11\/mai_noir-3.png&#8221; align=&#8221;center&#8221; _builder_version=&#8221;4.16&#8243; width=&#8221;70%&#8221; custom_margin=&#8221;18px||18px||true|&#8221; custom_padding=&#8221;15px|35px|15px||true|false&#8221; filter_opacity=&#8221;90%&#8221; global_colors_info=&#8221;{}&#8221;][\/et_pb_image][\/et_pb_column][\/et_pb_row][\/et_pb_section][et_pb_section fb_built=&#8221;1&#8243; admin_label=&#8221;Ateliers Description&#8221; _builder_version=&#8221;4.16&#8243; background_color=&#8221;#efe8e1&#8243; background_color_gradient_direction=&#8221;182deg&#8221; background_image=&#8221;http:\/\/staging.danzadescalza.com\/wp-content\/uploads\/2019\/10\/square-left-red.png&#8221; parallax=&#8221;on&#8221; custom_padding=&#8221;30px||30px||true|&#8221; top_divider_style=&#8221;none&#8221; top_divider_color=&#8221;#eddfc9&#8243; top_divider_repeat=&#8221;0.5x&#8221; bottom_divider_color=&#8221;#f7f5f2&#8243; bottom_divider_flip=&#8221;horizontal&#8221; collapsed=&#8221;on&#8221; global_colors_info=&#8221;{}&#8221;][et_pb_row _builder_version=&#8221;4.16&#8243; custom_padding=&#8221;30px||30px||true|&#8221; locked=&#8221;off&#8221; global_colors_info=&#8221;{}&#8221;][et_pb_column type=&#8221;4_4&#8243; _builder_version=&#8221;4.16&#8243; background_enable_image=&#8221;off&#8221; global_colors_info=&#8221;{}&#8221;][et_pb_text _builder_version=&#8221;4.16&#8243; text_font=&#8221;||||||||&#8221; text_font_size=&#8221;14px&#8221; background_color=&#8221;rgba(0,0,0,0)&#8221; width=&#8221;45%&#8221; width_tablet=&#8221;&#8221; width_phone=&#8221;90%&#8221; width_last_edited=&#8221;on|phone&#8221; module_alignment=&#8221;right&#8221; custom_margin_tablet=&#8221;-33px||||false|false&#8221; custom_margin_phone=&#8221;-32px||||false|false&#8221; custom_margin_last_edited=&#8221;on|desktop&#8221; custom_padding_tablet=&#8221;15px|20px|15px|20px|true|true&#8221; custom_padding_phone=&#8221;15px||15px||true|false&#8221; custom_padding_last_edited=&#8221;on|phone&#8221; background_color_phone=&#8221;#efe8e1&#8243; background_last_edited=&#8221;on|phone&#8221; background_enable_color_phone=&#8221;on&#8221; module_alignment_tablet=&#8221;&#8221; module_alignment_phone=&#8221;center&#8221; module_alignment_last_edited=&#8221;on|tablet&#8221; border_width_all_tablet=&#8221;0px&#8221; border_width_all_phone=&#8221;1px&#8221; border_width_all_last_edited=&#8221;on|phone&#8221; border_color_all_tablet=&#8221;#e55149&#8243; border_color_all_phone=&#8221;&#8221; border_color_all_last_edited=&#8221;on|desktop&#8221; global_colors_info=&#8221;{}&#8221;]<b>Core\u00f3grafas<\/b><strong>\u00a0\/ Int\u00e9rpretes :\u00a0<\/strong><span style=\"font-size: 14px;\">Yesenia Fuentes, Andrea Nino, Laurence Sabourin<\/span><\/p>\n<p><span style=\"font-size: 14px;\"><strong>Montaje y creaci\u00f3n sonora :\u00a0<\/strong><\/span><span style=\"font-size: 14px;\">Parker Mah<\/span><\/p>\n<p><span style=\"font-size: 14px;\"><strong>Duraci\u00f3n:<br \/>\n<\/strong><\/span><span style=\"font-size: 14px;\">&#8211; Versi\u00f3n corta: 2 x 20 minutos.<br \/>\n&#8211; Versi\u00f3n larga: 40 minutos<br \/>\n&#8211; Actividad de mediaci\u00f3n cultural: 30 min a 1 hora de taller de danza inspirado en la pieza. <\/span><a href=\"https:\/\/drive.google.com\/file\/d\/1zPJ9PQaXXk6_H0r-crnKARGAkKo6GyFK\/view?usp=sharing\"><span style=\"font-size: 14px;\"><span style=\"text-decoration: underline; color: #808080;\">Para obtener m\u00e1s informaci\u00f3n haga clic aqu\u00ed. \u2192<\/span><\/span><\/a><\/p>\n<p>&nbsp;<\/p>\n<p><span style=\"font-size: 14px;\"><strong>Ojo exterior :\u00a0<\/strong>Ariane Boulet<\/span><\/p>\n<p><span style=\"font-size: 14px;\"><strong>Mentores :<\/strong> Priscilla Guy et Karla \u00c9tienne<\/span><\/p>\n<p><span style=\"font-size: 14px;\"><strong>Vestuarios :<\/strong> Chantal Lafreniere et Manon Guiraud<\/span><\/p>\n<p><span style=\"font-size: 14px;\"><strong>Asesora de marionetas :<\/strong> C\u00e9line Chevrier<\/span>[\/et_pb_text][\/et_pb_column][\/et_pb_row][\/et_pb_section][et_pb_section fb_built=&#8221;1&#8243; admin_label=&#8221;Testimonials&#8221; _builder_version=&#8221;4.0.5&#8243; background_color=&#8221;#e55149&#8243; background_enable_image=&#8221;off&#8221; custom_padding=&#8221;43px||0px|||&#8221; top_divider_color=&#8221;#ec5943&#8243; top_divider_height=&#8221;87px&#8221; top_divider_repeat=&#8221;0.6x&#8221; bottom_divider_color=&#8221;#ec5943&#8243; bottom_divider_repeat=&#8221;0.2x&#8221; global_module=&#8221;4836&#8243; collapsed=&#8221;on&#8221; global_colors_info=&#8221;{}&#8221;][et_pb_row _builder_version=&#8221;4.16&#8243; custom_padding=&#8221;30px||30px|||&#8221; global_colors_info=&#8221;{}&#8221;][et_pb_column type=&#8221;4_4&#8243; _builder_version=&#8221;4.16&#8243; global_colors_info=&#8221;{}&#8221;][et_pb_text _builder_version=&#8221;4.16&#8243; text_font=&#8221;||||||||&#8221; text_text_color=&#8221;#f9f4ef&#8221; text_font_size=&#8221;15px&#8221; text_letter_spacing=&#8221;0.03em&#8221; text_line_height=&#8221;0.5em&#8221; header_2_font=&#8221;||||||||&#8221; header_2_text_color=&#8221;#edd7c9&#8243; min_height=&#8221;43px&#8221; custom_margin=&#8221;||15px|||&#8221; global_colors_info=&#8221;{}&#8221;]booking@danzadescalza.com<\/p>\n<p>info@danzadescalza.com[\/et_pb_text][et_pb_divider color=&#8221;#f9f4ef&#8221; _builder_version=&#8221;4.16&#8243; custom_margin=&#8221;||0px||false|false&#8221; global_colors_info=&#8221;{}&#8221;][\/et_pb_divider][et_pb_social_media_follow icon_color=&#8221;#f9f9f9&#8243; _builder_version=&#8221;4.16&#8243; text_orientation=&#8221;left&#8221; filter_opacity=&#8221;90%&#8221; locked=&#8221;off&#8221; global_colors_info=&#8221;{}&#8221;][et_pb_social_media_follow_network social_network=&#8221;facebook&#8221; icon_color=&#8221;#f9f4ef&#8221; use_icon_font_size=&#8221;on&#8221; icon_font_size=&#8221;13px&#8221; _builder_version=&#8221;4.16&#8243; background_color=&#8221;rgba(0,0,0,0)&#8221; background_enable_color=&#8221;on&#8221; border_radii=&#8221;on|20px|20px|20px|20px&#8221; border_width_all=&#8221;2px&#8221; border_color_all=&#8221;#f9f4ef&#8221; global_colors_info=&#8221;{}&#8221; follow_button=&#8221;off&#8221; url_new_window=&#8221;on&#8221;]facebook[\/et_pb_social_media_follow_network][et_pb_social_media_follow_network social_network=&#8221;instagram&#8221; icon_color=&#8221;#f9f4ef&#8221; use_icon_font_size=&#8221;on&#8221; icon_font_size=&#8221;13px&#8221; _builder_version=&#8221;4.16&#8243; background_color=&#8221;rgba(0,0,0,0)&#8221; background_enable_color=&#8221;on&#8221; border_radii=&#8221;on|20px|20px|20px|20px&#8221; border_width_all=&#8221;2px&#8221; border_color_all=&#8221;#f9f4ef&#8221; global_colors_info=&#8221;{}&#8221; follow_button=&#8221;off&#8221; url_new_window=&#8221;on&#8221;]instagram[\/et_pb_social_media_follow_network][\/et_pb_social_media_follow][\/et_pb_column][\/et_pb_row][\/et_pb_section]<\/p>\n","protected":false},"excerpt":{"rendered":"<p>AKO es una obra inspirada en los ritmos y la expresividad de las danzas tradicionales afro-colombianas a trav\u00e9s de una escritura contempor\u00e1nea. La pieza celebra a la vez la feminidad, la alegr\u00eda y la resiliencia.<\/p>\n","protected":false},"author":1,"featured_media":146,"parent":0,"menu_order":0,"comment_status":"closed","ping_status":"closed","template":"","meta":{"_et_pb_use_builder":"on","_et_pb_old_content":"","_et_gb_content_width":"","inline_featured_image":false},"_links":{"self":[{"href":"http:\/\/staging.danzadescalza.com\/es\/wp-json\/wp\/v2\/pages\/5604"}],"collection":[{"href":"http:\/\/staging.danzadescalza.com\/es\/wp-json\/wp\/v2\/pages"}],"about":[{"href":"http:\/\/staging.danzadescalza.com\/es\/wp-json\/wp\/v2\/types\/page"}],"author":[{"embeddable":true,"href":"http:\/\/staging.danzadescalza.com\/es\/wp-json\/wp\/v2\/users\/1"}],"replies":[{"embeddable":true,"href":"http:\/\/staging.danzadescalza.com\/es\/wp-json\/wp\/v2\/comments?post=5604"}],"version-history":[{"count":10,"href":"http:\/\/staging.danzadescalza.com\/es\/wp-json\/wp\/v2\/pages\/5604\/revisions"}],"predecessor-version":[{"id":6233,"href":"http:\/\/staging.danzadescalza.com\/es\/wp-json\/wp\/v2\/pages\/5604\/revisions\/6233"}],"wp:featuredmedia":[{"embeddable":true,"href":"http:\/\/staging.danzadescalza.com\/es\/wp-json\/wp\/v2\/media\/146"}],"wp:attachment":[{"href":"http:\/\/staging.danzadescalza.com\/es\/wp-json\/wp\/v2\/media?parent=5604"}],"curies":[{"name":"wp","href":"https:\/\/api.w.org\/{rel}","templated":true}]}}